{"id":85,"date":"2023-07-17T19:35:56","date_gmt":"2023-07-17T19:35:56","guid":{"rendered":"https:\/\/lecturafacilcantabria.org\/?page_id=85"},"modified":"2023-07-17T19:35:56","modified_gmt":"2023-07-17T19:35:56","slug":"proyectos","status":"publish","type":"page","link":"https:\/\/lecturafacilcantabria.org\/?page_id=85","title":{"rendered":"Proyectos"},"content":{"rendered":"<p>\u00a1Aqu\u00ed pod\u00e9is ver algunos de los <strong>proyectos<\/strong> que hemos llevado a cabo desde la Asociaci\u00f3n!<\/p>\n<p><em style=\"font-family: var(--global-body-font-family);\">-&gt; <\/em><strong>Primera Librer\u00eda<\/strong><span style=\"font-family: var(--global-body-font-family);\"> con secci\u00f3n \u00abLectura F\u00e1cil\u00bb en Cantabria, en colaboraci\u00f3n con <\/span><em style=\"font-family: var(--global-body-font-family);\">La Vor\u00e1gine.<\/em><\/p>\n<p><em><img loading=\"lazy\" decoding=\"async\" class=\"alignnone size-medium wp-image-94\" src=\"https:\/\/lecturafacilcantabria.org\/wp-content\/uploads\/2023\/07\/voragine-300x275.jpg\" alt=\"\" width=\"300\" height=\"275\" srcset=\"https:\/\/lecturafacilcantabria.org\/wp-content\/uploads\/2023\/07\/voragine-300x275.jpg 300w, https:\/\/lecturafacilcantabria.org\/wp-content\/uploads\/2023\/07\/voragine.jpg 720w\" sizes=\"auto, (max-width: 300px) 100vw, 300px\" \/><a href=\"https:\/\/m.facebook.com\/story.php?story_fbid=pfbid037MfDuQSfiXfc32bcaq1JPPj7CeKaymabNFj26zZrjJkUicB1C69iNxVkNKtx1HCGl&amp;id=100075342956305\">https:\/\/m.facebook.com\/story.php?story_fbid=pfbid037MfDuQSfiXfc32bcaq1JPPj7CeKaymabNFj26zZrjJkUicB1C69iNxVkNKtx1HCGl&amp;id=100075342956305<\/a><\/em><\/p>\n<p>&nbsp;<\/p>\n<p><em>-&gt;<\/em><strong>Taller Te\u00f3rico-Pr\u00e1ctico <\/strong>en las primeras jornadas de \u00abUniversidad Inclusiva\u00bb organizadas en la <em>Universidad de Cantabria.<\/em><\/p>\n<p><em><img loading=\"lazy\" decoding=\"async\" class=\"alignnone size-medium wp-image-93\" src=\"https:\/\/lecturafacilcantabria.org\/wp-content\/uploads\/2023\/07\/1689621117368-300x159.jpg\" alt=\"\" width=\"300\" height=\"159\" srcset=\"https:\/\/lecturafacilcantabria.org\/wp-content\/uploads\/2023\/07\/1689621117368-300x159.jpg 300w, https:\/\/lecturafacilcantabria.org\/wp-content\/uploads\/2023\/07\/1689621117368-1024x544.jpg 1024w, https:\/\/lecturafacilcantabria.org\/wp-content\/uploads\/2023\/07\/1689621117368-768x408.jpg 768w, https:\/\/lecturafacilcantabria.org\/wp-content\/uploads\/2023\/07\/1689621117368-1536x817.jpg 1536w, https:\/\/lecturafacilcantabria.org\/wp-content\/uploads\/2023\/07\/1689621117368-2048x1089.jpg 2048w\" sizes=\"auto, (max-width: 300px) 100vw, 300px\" \/><\/em><a href=\"https:\/\/web.unican.es\/noticias\/Paginas\/2022\/junio_2022\/I-Jornada-Universidad-Inclusiva.aspx\">https:\/\/web.unican.es\/noticias\/Paginas\/2022\/junio_2022\/I-Jornada-Universidad-Inclusiva.aspx<\/a><\/p>\n<p>&nbsp;<\/p>\n<p><em>-&gt;<\/em><strong>Adaptaci\u00f3n de la formaci\u00f3n<\/strong> sobre \u00abComunidades Energ\u00e9ticas\u00bb del proyecto Erasmus + de la asociaci\u00f3n <em>Asonautas<\/em>.<strong>\u00a1Muy pronto!<\/strong><\/p>\n<p><em>-&gt;<\/em><strong>Primera Adaptaci\u00f3n de Ley de Accesibilidad Cognitiva<\/strong> que regula el derecho a Lectura F\u00e1cil.<a href=\"https:\/\/lecturafacilcantabria.org\/wp-content\/uploads\/2023\/07\/LEY-ACCESIBILIDAD-COGNITIVA-ADAPTADA-LF.pdf\"> -&gt; LEY ACCESIBILIDAD COGNITIVA ADAPTADA LF<\/a><\/p>\n","protected":false},"excerpt":{"rendered":"<p>\u00a1Aqu\u00ed pod\u00e9is ver algunos de los proyectos que hemos llevado a cabo desde la Asociaci\u00f3n! -&gt; Primera Librer\u00eda con secci\u00f3n \u00abLectura F\u00e1cil\u00bb en Cantabria, en colaboraci\u00f3n con La Vor\u00e1gine. https:\/\/m.facebook.com\/story.php?story_fbid=pfbid037MfDuQSfiXfc32bcaq1JPPj7CeKaymabNFj26zZrjJkUicB1C69iNxVkNKtx1HCGl&amp;id=100075342956305 &nbsp; -&gt;Taller Te\u00f3rico-Pr\u00e1ctico en las primeras jornadas de \u00abUniversidad Inclusiva\u00bb organizadas en la Universidad de Cantabria. https:\/\/web.unican.es\/noticias\/Paginas\/2022\/junio_2022\/I-Jornada-Universidad-Inclusiva.aspx &nbsp; -&gt;Adaptaci\u00f3n de la formaci\u00f3n sobre \u00abComunidades Energ\u00e9ticas\u00bb&#8230;<\/p>\n","protected":false},"author":3,"featured_media":0,"parent":0,"menu_order":0,"comment_status":"closed","ping_status":"closed","template":"","meta":{"_kad_post_transparent":"default","_kad_post_title":"hide","_kad_post_layout":"default","_kad_post_sidebar_id":"","_kad_post_content_style":"default","_kad_post_vertical_padding":"default","_kad_post_feature":"","_kad_post_feature_position":"","_kad_post_header":false,"_kad_post_footer":false,"footnotes":""},"class_list":["post-85","page","type-page","status-publish","hentry"],"yoast_head":"<!-- This site is optimized with the Yoast SEO plugin v27.5 - https:\/\/yoast.com\/product\/yoast-seo-wordpress\/ -->\n<title>Proyectos - Lectura F\u00e1cil Cantabria<\/title>\n<meta name=\"robots\" content=\"index, follow, max-snippet:-1, max-image-preview:large, max-video-preview:-1\" \/>\n<link rel=\"canonical\" href=\"https:\/\/lecturafacilcantabria.org\/?page_id=85\" \/>\n<meta property=\"og:locale\" content=\"es_ES\" \/>\n<meta property=\"og:type\" content=\"article\" \/>\n<meta property=\"og:title\" content=\"Proyectos - Lectura F\u00e1cil Cantabria\" \/>\n<meta property=\"og:description\" content=\"\u00a1Aqu\u00ed pod\u00e9is ver algunos de los proyectos que hemos llevado a cabo desde la Asociaci\u00f3n! -&gt; Primera Librer\u00eda con secci\u00f3n \u00abLectura F\u00e1cil\u00bb en Cantabria, en colaboraci\u00f3n con La Vor\u00e1gine. https:\/\/m.facebook.com\/story.php?story_fbid=pfbid037MfDuQSfiXfc32bcaq1JPPj7CeKaymabNFj26zZrjJkUicB1C69iNxVkNKtx1HCGl&amp;id=100075342956305 &nbsp; -&gt;Taller Te\u00f3rico-Pr\u00e1ctico en las primeras jornadas de \u00abUniversidad Inclusiva\u00bb organizadas en la Universidad de Cantabria. https:\/\/web.unican.es\/noticias\/Paginas\/2022\/junio_2022\/I-Jornada-Universidad-Inclusiva.aspx &nbsp; -&gt;Adaptaci\u00f3n de la formaci\u00f3n sobre \u00abComunidades Energ\u00e9ticas\u00bb...\" \/>\n<meta property=\"og:url\" content=\"https:\/\/lecturafacilcantabria.org\/?page_id=85\" \/>\n<meta property=\"og:site_name\" content=\"Lectura F\u00e1cil Cantabria\" \/>\n<meta property=\"og:image\" content=\"https:\/\/lecturafacilcantabria.org\/wp-content\/uploads\/2023\/07\/voragine-300x275.jpg\" \/>\n<meta name=\"twitter:card\" content=\"summary_large_image\" \/>\n<meta name=\"twitter:label1\" content=\"Tiempo de lectura\" \/>\n\t<meta name=\"twitter:data1\" content=\"1 minuto\" \/>\n<script type=\"application\/ld+json\" class=\"yoast-schema-graph\">{\"@context\":\"https:\\\/\\\/schema.org\",\"@graph\":[{\"@type\":\"WebPage\",\"@id\":\"https:\\\/\\\/lecturafacilcantabria.org\\\/?page_id=85\",\"url\":\"https:\\\/\\\/lecturafacilcantabria.org\\\/?page_id=85\",\"name\":\"Proyectos - Lectura F\u00e1cil Cantabria\",\"isPartOf\":{\"@id\":\"https:\\\/\\\/lecturafacilcantabria.org\\\/#website\"},\"primaryImageOfPage\":{\"@id\":\"https:\\\/\\\/lecturafacilcantabria.org\\\/?page_id=85#primaryimage\"},\"image\":{\"@id\":\"https:\\\/\\\/lecturafacilcantabria.org\\\/?page_id=85#primaryimage\"},\"thumbnailUrl\":\"https:\\\/\\\/lecturafacilcantabria.org\\\/wp-content\\\/uploads\\\/2023\\\/07\\\/voragine-300x275.jpg\",\"datePublished\":\"2023-07-17T19:35:56+00:00\",\"breadcrumb\":{\"@id\":\"https:\\\/\\\/lecturafacilcantabria.org\\\/?page_id=85#breadcrumb\"},\"inLanguage\":\"es\",\"potentialAction\":[{\"@type\":\"ReadAction\",\"target\":[\"https:\\\/\\\/lecturafacilcantabria.org\\\/?page_id=85\"]}]},{\"@type\":\"ImageObject\",\"inLanguage\":\"es\",\"@id\":\"https:\\\/\\\/lecturafacilcantabria.org\\\/?page_id=85#primaryimage\",\"url\":\"https:\\\/\\\/lecturafacilcantabria.org\\\/wp-content\\\/uploads\\\/2023\\\/07\\\/voragine.jpg\",\"contentUrl\":\"https:\\\/\\\/lecturafacilcantabria.org\\\/wp-content\\\/uploads\\\/2023\\\/07\\\/voragine.jpg\",\"width\":720,\"height\":659},{\"@type\":\"BreadcrumbList\",\"@id\":\"https:\\\/\\\/lecturafacilcantabria.org\\\/?page_id=85#breadcrumb\",\"itemListElement\":[{\"@type\":\"ListItem\",\"position\":1,\"name\":\"Portada\",\"item\":\"https:\\\/\\\/lecturafacilcantabria.org\\\/\"},{\"@type\":\"ListItem\",\"position\":2,\"name\":\"Proyectos\"}]},{\"@type\":\"WebSite\",\"@id\":\"https:\\\/\\\/lecturafacilcantabria.org\\\/#website\",\"url\":\"https:\\\/\\\/lecturafacilcantabria.org\\\/\",\"name\":\"Lectura F\u00e1cil Cantabria\",\"description\":\"Asociaci\u00f3n especializada en promover y difundir la Lectura F\u00e1cil en Cantabria\",\"publisher\":{\"@id\":\"https:\\\/\\\/lecturafacilcantabria.org\\\/#organization\"},\"potentialAction\":[{\"@type\":\"SearchAction\",\"target\":{\"@type\":\"EntryPoint\",\"urlTemplate\":\"https:\\\/\\\/lecturafacilcantabria.org\\\/?s={search_term_string}\"},\"query-input\":{\"@type\":\"PropertyValueSpecification\",\"valueRequired\":true,\"valueName\":\"search_term_string\"}}],\"inLanguage\":\"es\"},{\"@type\":\"Organization\",\"@id\":\"https:\\\/\\\/lecturafacilcantabria.org\\\/#organization\",\"name\":\"Lectura F\u00e1cil Cantabria\",\"url\":\"https:\\\/\\\/lecturafacilcantabria.org\\\/\",\"logo\":{\"@type\":\"ImageObject\",\"inLanguage\":\"es\",\"@id\":\"https:\\\/\\\/lecturafacilcantabria.org\\\/#\\\/schema\\\/logo\\\/image\\\/\",\"url\":\"https:\\\/\\\/lecturafacilcantabria.org\\\/wp-content\\\/uploads\\\/2021\\\/08\\\/logo-e1628705030940.png\",\"contentUrl\":\"https:\\\/\\\/lecturafacilcantabria.org\\\/wp-content\\\/uploads\\\/2021\\\/08\\\/logo-e1628705030940.png\",\"width\":1200,\"height\":675,\"caption\":\"Lectura F\u00e1cil Cantabria\"},\"image\":{\"@id\":\"https:\\\/\\\/lecturafacilcantabria.org\\\/#\\\/schema\\\/logo\\\/image\\\/\"}}]}<\/script>\n<!-- \/ Yoast SEO plugin. -->","yoast_head_json":{"title":"Proyectos - Lectura F\u00e1cil Cantabria","robots":{"index":"index","follow":"follow","max-snippet":"max-snippet:-1","max-image-preview":"max-image-preview:large","max-video-preview":"max-video-preview:-1"},"canonical":"https:\/\/lecturafacilcantabria.org\/?page_id=85","og_locale":"es_ES","og_type":"article","og_title":"Proyectos - Lectura F\u00e1cil Cantabria","og_description":"\u00a1Aqu\u00ed pod\u00e9is ver algunos de los proyectos que hemos llevado a cabo desde la Asociaci\u00f3n! -&gt; Primera Librer\u00eda con secci\u00f3n \u00abLectura F\u00e1cil\u00bb en Cantabria, en colaboraci\u00f3n con La Vor\u00e1gine. https:\/\/m.facebook.com\/story.php?story_fbid=pfbid037MfDuQSfiXfc32bcaq1JPPj7CeKaymabNFj26zZrjJkUicB1C69iNxVkNKtx1HCGl&amp;id=100075342956305 &nbsp; -&gt;Taller Te\u00f3rico-Pr\u00e1ctico en las primeras jornadas de \u00abUniversidad Inclusiva\u00bb organizadas en la Universidad de Cantabria. https:\/\/web.unican.es\/noticias\/Paginas\/2022\/junio_2022\/I-Jornada-Universidad-Inclusiva.aspx &nbsp; -&gt;Adaptaci\u00f3n de la formaci\u00f3n sobre \u00abComunidades Energ\u00e9ticas\u00bb...","og_url":"https:\/\/lecturafacilcantabria.org\/?page_id=85","og_site_name":"Lectura F\u00e1cil Cantabria","og_image":[{"url":"https:\/\/lecturafacilcantabria.org\/wp-content\/uploads\/2023\/07\/voragine-300x275.jpg","type":"","width":"","height":""}],"twitter_card":"summary_large_image","twitter_misc":{"Tiempo de lectura":"1 minuto"},"schema":{"@context":"https:\/\/schema.org","@graph":[{"@type":"WebPage","@id":"https:\/\/lecturafacilcantabria.org\/?page_id=85","url":"https:\/\/lecturafacilcantabria.org\/?page_id=85","name":"Proyectos - Lectura F\u00e1cil Cantabria","isPartOf":{"@id":"https:\/\/lecturafacilcantabria.org\/#website"},"primaryImageOfPage":{"@id":"https:\/\/lecturafacilcantabria.org\/?page_id=85#primaryimage"},"image":{"@id":"https:\/\/lecturafacilcantabria.org\/?page_id=85#primaryimage"},"thumbnailUrl":"https:\/\/lecturafacilcantabria.org\/wp-content\/uploads\/2023\/07\/voragine-300x275.jpg","datePublished":"2023-07-17T19:35:56+00:00","breadcrumb":{"@id":"https:\/\/lecturafacilcantabria.org\/?page_id=85#breadcrumb"},"inLanguage":"es","potentialAction":[{"@type":"ReadAction","target":["https:\/\/lecturafacilcantabria.org\/?page_id=85"]}]},{"@type":"ImageObject","inLanguage":"es","@id":"https:\/\/lecturafacilcantabria.org\/?page_id=85#primaryimage","url":"https:\/\/lecturafacilcantabria.org\/wp-content\/uploads\/2023\/07\/voragine.jpg","contentUrl":"https:\/\/lecturafacilcantabria.org\/wp-content\/uploads\/2023\/07\/voragine.jpg","width":720,"height":659},{"@type":"BreadcrumbList","@id":"https:\/\/lecturafacilcantabria.org\/?page_id=85#breadcrumb","itemListElement":[{"@type":"ListItem","position":1,"name":"Portada","item":"https:\/\/lecturafacilcantabria.org\/"},{"@type":"ListItem","position":2,"name":"Proyectos"}]},{"@type":"WebSite","@id":"https:\/\/lecturafacilcantabria.org\/#website","url":"https:\/\/lecturafacilcantabria.org\/","name":"Lectura F\u00e1cil Cantabria","description":"Asociaci\u00f3n especializada en promover y difundir la Lectura F\u00e1cil en Cantabria","publisher":{"@id":"https:\/\/lecturafacilcantabria.org\/#organization"},"potentialAction":[{"@type":"SearchAction","target":{"@type":"EntryPoint","urlTemplate":"https:\/\/lecturafacilcantabria.org\/?s={search_term_string}"},"query-input":{"@type":"PropertyValueSpecification","valueRequired":true,"valueName":"search_term_string"}}],"inLanguage":"es"},{"@type":"Organization","@id":"https:\/\/lecturafacilcantabria.org\/#organization","name":"Lectura F\u00e1cil Cantabria","url":"https:\/\/lecturafacilcantabria.org\/","logo":{"@type":"ImageObject","inLanguage":"es","@id":"https:\/\/lecturafacilcantabria.org\/#\/schema\/logo\/image\/","url":"https:\/\/lecturafacilcantabria.org\/wp-content\/uploads\/2021\/08\/logo-e1628705030940.png","contentUrl":"https:\/\/lecturafacilcantabria.org\/wp-content\/uploads\/2021\/08\/logo-e1628705030940.png","width":1200,"height":675,"caption":"Lectura F\u00e1cil Cantabria"},"image":{"@id":"https:\/\/lecturafacilcantabria.org\/#\/schema\/logo\/image\/"}}]}},"_links":{"self":[{"href":"https:\/\/lecturafacilcantabria.org\/index.php?rest_route=\/wp\/v2\/pages\/85","targetHints":{"allow":["GET"]}}],"collection":[{"href":"https:\/\/lecturafacilcantabria.org\/index.php?rest_route=\/wp\/v2\/pages"}],"about":[{"href":"https:\/\/lecturafacilcantabria.org\/index.php?rest_route=\/wp\/v2\/types\/page"}],"author":[{"embeddable":true,"href":"https:\/\/lecturafacilcantabria.org\/index.php?rest_route=\/wp\/v2\/users\/3"}],"replies":[{"embeddable":true,"href":"https:\/\/lecturafacilcantabria.org\/index.php?rest_route=%2Fwp%2Fv2%2Fcomments&post=85"}],"version-history":[{"count":5,"href":"https:\/\/lecturafacilcantabria.org\/index.php?rest_route=\/wp\/v2\/pages\/85\/revisions"}],"predecessor-version":[{"id":106,"href":"https:\/\/lecturafacilcantabria.org\/index.php?rest_route=\/wp\/v2\/pages\/85\/revisions\/106"}],"wp:attachment":[{"href":"https:\/\/lecturafacilcantabria.org\/index.php?rest_route=%2Fwp%2Fv2%2Fmedia&parent=85"}],"curies":[{"name":"wp","href":"https:\/\/api.w.org\/{rel}","templated":true}]}}